{"id":1033,"date":"2022-02-23T10:10:23","date_gmt":"2022-02-23T09:10:23","guid":{"rendered":"https:\/\/nize-d.com\/enlaces-de-interes\/"},"modified":"2022-09-29T10:25:49","modified_gmt":"2022-09-29T08:25:49","slug":"enlaces-de-interes","status":"publish","type":"page","link":"https:\/\/nize-d.com\/es\/enlaces-de-interes\/","title":{"rendered":"Enlaces de inter\u00e9s"},"content":{"rendered":"\n<div class=\"wp-block-themeisle-blocks-advanced-columns has-2-columns has-desktop-equal-layout has-tablet-equal-layout has-mobile-collapsedRows-layout has-default-gap has-vertical-unset\" id=\"wp-block-themeisle-blocks-advanced-columns-d5cd2d7e\"><div class=\"wp-block-themeisle-blocks-advanced-columns-overlay\"><\/div><div class=\"innerblocks-wrap\">\n<div class=\"wp-block-themeisle-blocks-advanced-column\" id=\"wp-block-themeisle-blocks-advanced-column-39975006\">\n<p class=\"has-text-align-center\"><a href=\"https:\/\/eranafarroa.eus\/\"><img decoding=\"async\" src=\"https:\/\/eranafarroa.eus\/wp-content\/uploads\/2017\/10\/era-belaunaldi-berrien-aukera-la-era-del-euskera-logo.png\" alt=\"ERA\"\/><\/a> <\/p>\n\n\n\n<h2 class=\"wp-block-heading\" id=\"gurasoek-maiz-egindako-galderak-d-eredua\"><a href=\"https:\/\/eranafarroa.eus\/gurasoek-maiz-egindako-galderak-d-eredua\/\" target=\"_blank\" rel=\"noreferrer noopener\">Preguntas frecuentes de padres y madres: modelo D<\/a><\/h2>\n<\/div>\n\n\n\n<div class=\"wp-block-themeisle-blocks-advanced-column\" id=\"wp-block-themeisle-blocks-advanced-column-61443cdf\">\n<p><a rel=\"noopener\" href=\"https:\/\/eranafarroa.eus\/gurasoek-maiz-egindako-galderak-d-eredua\/\" target=\"_blank\"><img decoding=\"async\" width=\"1200\" height=\"800\" loading=\"lazy\" srcset=\"https:\/\/eranafarroa.eus\/wp-content\/uploads\/2021\/04\/2021-04-20-ONA-polaroid-era.jpg 1200w, https:\/\/eranafarroa.eus\/wp-content\/uploads\/2021\/04\/2021-04-20-ONA-polaroid-era-300x200.jpg 300w, https:\/\/eranafarroa.eus\/wp-content\/uploads\/2021\/04\/2021-04-20-ONA-polaroid-era-1024x683.jpg 1024w, https:\/\/eranafarroa.eus\/wp-content\/uploads\/2021\/04\/2021-04-20-ONA-polaroid-era-768x512.jpg 768w\" sizes=\"auto, (max-width: 1200px) 100vw, 1200px\" class=\"attachment-full size-full wp-post-image\" src=\"https:\/\/eranafarroa.eus\/wp-content\/uploads\/2021\/04\/2021-04-20-ONA-polaroid-era.jpg\" alt=\"\"\/><\/a><\/p>\n<\/div>\n<\/div><\/div>\n\n<div class=\"wp-block-columns is-layout-flex wp-container-core-columns-is-layout-9d6595d7 wp-block-columns-is-layout-flex\">\n<div class=\"wp-block-column is-layout-flow wp-block-column-is-layout-flow\" style=\"flex-basis:50%\">\n<div class=\"wp-block-image\"><figure class=\"aligncenter size-full\"><a href=\"https:\/\/www.euskarabidea.es\/euskara\/albisteak\/nafarroako-gobernuak-euskararen-ikaskuntza-sustatzen-du-haurren-artean-euskararekin-gora-eta-gora-beti-kanpainarekin\" target=\"_blank\" rel=\"noopener\"><img loading=\"lazy\" decoding=\"async\" width=\"300\" height=\"600\" src=\"https:\/\/nize-d.com\/wp-content\/uploads\/2022\/02\/euskarabidea.gif\" alt=\"\" class=\"wp-image-884\"\/><\/a><\/figure><\/div>\n\n\n\n<figure class=\"wp-block-embed is-type-video is-provider-youtube wp-block-embed-youtube wp-embed-aspect-16-9 wp-has-aspect-ratio\"><div class=\"wp-block-embed__wrapper\">\n<div class=\"nv-iframe-embed\"><iframe loading=\"lazy\" title=\"El euskera, lengua propia de Navarra junto al castellano, es parte del sistema educativo.\" width=\"1200\" height=\"675\" src=\"https:\/\/www.youtube.com\/embed\/y4PaR2AZzDA?feature=oembed\" frameborder=\"0\" allow=\"accelerometer; autoplay; clipboard-write; encrypted-media; gyroscope; picture-in-picture\" allowfullscreen><\/iframe><\/div>\n<\/div><\/figure>\n<\/div>\n\n\n\n<div class=\"wp-block-column is-layout-flow wp-block-column-is-layout-flow\" style=\"flex-basis:50%\">\n<figure class=\"wp-block-embed is-type-video is-provider-youtube wp-block-embed-youtube wp-embed-aspect-16-9 wp-has-aspect-ratio\"><div class=\"wp-block-embed__wrapper\">\n<div class=\"nv-iframe-embed\"><iframe loading=\"lazy\" title=\"\u00bfPor qu\u00e9 es una buena opci\u00f3n el modelo D o inmersi\u00f3n en euskera?\" width=\"1200\" height=\"675\" src=\"https:\/\/www.youtube.com\/embed\/K4zewcOyI5o?feature=oembed\" frameborder=\"0\" allow=\"accelerometer; autoplay; clipboard-write; encrypted-media; gyroscope; picture-in-picture\" allowfullscreen><\/iframe><\/div>\n<\/div><\/figure>\n\n\n\n<p>Yolanda Olasagarre, minutu batean<\/p><p>\n<\/p>\n\n\n<h2 class=\"wp-block-heading\" id=\"yolanda-olasagarre-minutu-batean-por-que-es-una-buena-opcion-el-modelo-d-o-inmersion-en-euskera\"><strong>\u00bfPor qu\u00e9 es una buena opci\u00f3n el modelo D o inmersi\u00f3n en euskera?<\/strong><\/h2>\n\n\n\n<figure class=\"wp-block-embed is-type-video is-provider-youtube wp-block-embed-youtube wp-embed-aspect-16-9 wp-has-aspect-ratio\"><div class=\"wp-block-embed__wrapper\">\n <div class=\"nv-iframe-embed\"><iframe loading=\"lazy\" title=\"Complicidad, euskera y familia. Si no s\u00e9 euskera, \u00bfpuede ser?\" width=\"1200\" height=\"675\" src=\"https:\/\/www.youtube.com\/embed\/eyYjAYCe6kU?feature=oembed\" frameborder=\"0\" allow=\"accelerometer; autoplay; clipboard-write; encrypted-media; gyroscope; picture-in-picture\" allowfullscreen><\/iframe><\/div>\n<\/div><\/figure>\n\n\n\n<p>Paula Kasares, en dos minutos <\/p>\n\n\n\n<h2 class=\"wp-block-heading\" id=\"complicidad-euskera-y-familia-si-no-se-euskera-puede-ser\">Complicidad, euskera y familia, \u00bfSi no s\u00e9 euskera puede ser?<\/h2>\n<\/div>\n<\/div>\n\n<h2 class=\"wp-block-heading\"><a href=\"https:\/\/euskalerriairratia.eus\/nafarroa\/1645614676540-geurea-irakatsi-besteegandik-ikasi-eredurik-inklusiboena-euskarazko-eredua-da\" target=\"_blank\" rel=\"noreferrer noopener\">\u00abEnse\u00f1ar lo nuestro, aprender de los dem\u00e1s. <\/a><br\/><a href=\"https:\/\/euskalerriairratia.eus\/nafarroa\/1645614676540-geurea-irakatsi-besteegandik-ikasi-eredurik-inklusiboena-euskarazko-eredua-da\" target=\"_blank\" rel=\"noreferrer noopener\">El modelo D es el m\u00e1s inclusivo\u00bb<\/a><\/h2>\n\n<a href=\"https:\/\/euskalerriairratia.eus\/nafarroa\/1645614676540-geurea-irakatsi-besteegandik-ikasi-eredurik-inklusiboena-euskarazko-eredua-da\" target=\"_blank\" rel=\"noreferrer noopener\"><img decoding=\"async\" class=\"img-fluid\" src=\"https:\/\/euskalerriairratia.tok-md.com\/argazkiak\/Kit\/WhatsApp_Image_2022-02-23_at_12.01.10_PM.jpeg\" alt=\"Ense\u00f1ar lo nuestro, aprender de los dem\u00e1s. El modelo D es el m\u00e1s inclusivo\"\/><\/a>\n\n","protected":false},"excerpt":{"rendered":"<p>Yolanda Olasagarre, minutu batean \u00bfPor qu\u00e9 es una buena opci\u00f3n el modelo D o inmersi\u00f3n en euskera? Paula Kasares, en dos minutos Complicidad, euskera y familia, \u00bfSi no s\u00e9 euskera puede ser? \u00abEnse\u00f1ar lo nuestro, aprender de los dem\u00e1s. El modelo D es el m\u00e1s inclusivo\u00bb<\/p>\n","protected":false},"author":2,"featured_media":0,"parent":0,"menu_order":0,"comment_status":"closed","ping_status":"closed","template":"","meta":{"neve_meta_sidebar":"","neve_meta_container":"","neve_meta_enable_content_width":"","neve_meta_content_width":0,"neve_meta_title_alignment":"","neve_meta_author_avatar":"","neve_post_elements_order":"","neve_meta_disable_header":"","neve_meta_disable_footer":"","neve_meta_disable_title":"","_themeisle_gutenberg_block_has_review":false,"footnotes":""},"class_list":["post-1033","page","type-page","status-publish","hentry"],"_links":{"self":[{"href":"https:\/\/nize-d.com\/es\/wp-json\/wp\/v2\/pages\/1033","targetHints":{"allow":["GET"]}}],"collection":[{"href":"https:\/\/nize-d.com\/es\/wp-json\/wp\/v2\/pages"}],"about":[{"href":"https:\/\/nize-d.com\/es\/wp-json\/wp\/v2\/types\/page"}],"author":[{"embeddable":true,"href":"https:\/\/nize-d.com\/es\/wp-json\/wp\/v2\/users\/2"}],"replies":[{"embeddable":true,"href":"https:\/\/nize-d.com\/es\/wp-json\/wp\/v2\/comments?post=1033"}],"version-history":[{"count":3,"href":"https:\/\/nize-d.com\/es\/wp-json\/wp\/v2\/pages\/1033\/revisions"}],"predecessor-version":[{"id":1111,"href":"https:\/\/nize-d.com\/es\/wp-json\/wp\/v2\/pages\/1033\/revisions\/1111"}],"wp:attachment":[{"href":"https:\/\/nize-d.com\/es\/wp-json\/wp\/v2\/media?parent=1033"}],"curies":[{"name":"wp","href":"https:\/\/api.w.org\/{rel}","templated":true}]}}